{"id":30013,"date":"2020-08-09T14:29:33","date_gmt":"2020-08-09T12:29:33","guid":{"rendered":"https:\/\/mobefo.com\/?page_id=30013"},"modified":"2020-08-09T14:31:45","modified_gmt":"2020-08-09T12:31:45","slug":"fragen-und-antworten-nabenkit","status":"publish","type":"page","link":"https:\/\/mobefo.com\/de\/fragen-und-antworten-nabenkit\/","title":{"rendered":"Fragen Antworten Umbausatz Elektrofahrrad Rad"},"content":{"rendered":"<p>[et_pb_section fb_built=\u00a0\u00bb1&Prime; _builder_version=\u00a0\u00bb4.4.9&Prime;][et_pb_row _builder_version=\u00a0\u00bb4.4.9&Prime;][et_pb_column type=\u00a0\u00bb4_4&Prime; _builder_version=\u00a0\u00bb4.4.9&Prime;][et_pb_text _builder_version=\u00a0\u00bb4.4.9&Prime; text_font=\u00a0\u00bb|600|||||||\u00a0\u00bb text_text_color=\u00a0\u00bb#000000&Prime; header_font=\u00a0\u00bbOswald|600||on|||||\u00a0\u00bb header_text_align=\u00a0\u00bbcenter\u00a0\u00bb header_font_size=\u00a0\u00bb34px\u00a0\u00bb hover_enabled=\u00a0\u00bb0&Prime; header_font_size_tablet=\u00a0\u00bb\u00a0\u00bb header_font_size_phone=\u00a0\u00bb25px\u00a0\u00bb header_font_size_last_edited=\u00a0\u00bbon|phone\u00a0\u00bb]<\/p>\n<h1 style=\"text-align: center;\">LES 10 QUESTIONS LES PLUS FR\u00c9QUENTES SUR LA CONVERSION ROUE DES V\u00c9LOS \u00c9LECTRIQUES<\/h1>\n<p style=\"text-align: center;\">LES 25 QUESTIONS LES PLUS FR\u00c9QUENTES SUR LA CONVERSION DES V\u00c9LOS \u00c9LECTRIQUES<br \/>Pour configurez votre kit retrouvez tout cela <a href=\"https:\/\/mobefo.com\/produit\/configurateur\/\">ici<\/a><\/p>\n<p style=\"text-align: center;\">Pour retrouvez les 10 questions les plus fr\u00e9quentes sur le kit Bafang retrouvez tout cela <a href=\"https:\/\/mobefo.com\/frequentes-questions-kit-bafang\/\">ici<\/a><\/p>\n<p style=\"text-align: center;\">\n[\/et_pb_text][et_pb_accordion _builder_version=\u00a0\u00bb4.4.9&Prime; hover_enabled=\u00a0\u00bb0&Prime; toggle_level=\u00a0\u00bbh2&Prime;][et_pb_accordion_item title=\u00a0\u00bb\u00c0 quelle vitesse puis-je aller avec les moteurs sur moyeu ?\u00a0\u00bb open=\u00a0\u00bbon\u00a0\u00bb open_toggle_text_color=\u00a0\u00bb#e02b20&Prime; open_toggle_background_color=\u00a0\u00bb#ffffff\u00a0\u00bb closed_toggle_background_color=\u00a0\u00bb#dbdbdb\u00a0\u00bb icon_color=\u00a0\u00bb#0c71c3&Prime; _builder_version=\u00a0\u00bb4.4.9&Prime; body_text_color=\u00a0\u00bb#000000&Prime; hover_transition_duration=\u00a0\u00bb0ms\u00a0\u00bb border_color_all=\u00a0\u00bb#000000&Prime; toggle_text_color=\u00a0\u00bb#0c71c3&Prime; toggle_level=\u00a0\u00bbh2&Prime; toggle_font=\u00a0\u00bb|600|||||||\u00a0\u00bb closed_toggle_font=\u00a0\u00bb|600|||||||\u00a0\u00bb]Les vitesses maximales approximatives des syst\u00e8mes de conversion de v\u00e9los \u00e9lectriques que nous vendons sont les suivantes :<\/p>\n<p>Moteur \u00e0 moyeu 250W \u00e0 36v = 25km\/h<br \/>\nMoteur \u00e0 moyeu de 500w \u00e0 36v = 25km\/h<br \/>\nMoteur \u00e0 moyeu \u00e0 fort couple de 500w \u00e0 48v = 30km\/h<br \/>\nMoteur \u00e0 moyeu \u00e0 fort couple de 750W \u00e0 48V = 40m\/h<br \/>\nMoteur \u00e0 moyeu \u00e0 fort couple de 1000W \u00e0 48V = 45km\/h<\/p>\n<p>Remarque : la vitesse maximale r\u00e9elle varie l\u00e9g\u00e8rement en fonction de la taille des roues, du poids du cycliste et de l&rsquo;\u00e9tat de la route.[\/et_pb_accordion_item][et_pb_accordion_item title=\u00a0\u00bbQuel autonomie ou distance puis-je esp\u00e9rer avec mon moteur sur moyeu ?\u00a0\u00bb open_toggle_text_color=\u00a0\u00bb#e02b20&Prime; open_toggle_background_color=\u00a0\u00bb#ffffff\u00a0\u00bb closed_toggle_background_color=\u00a0\u00bb#dbdbdb\u00a0\u00bb icon_color=\u00a0\u00bb#0c71c3&Prime; _builder_version=\u00a0\u00bb4.4.9&Prime; body_text_color=\u00a0\u00bb#000000&Prime; hover_transition_duration=\u00a0\u00bb0ms\u00a0\u00bb border_color_all=\u00a0\u00bb#000000&Prime; toggle_text_color=\u00a0\u00bb#0c71c3&Prime; toggle_level=\u00a0\u00bbh2&Prime; toggle_font=\u00a0\u00bb|600|||||||\u00a0\u00bb closed_toggle_font=\u00a0\u00bb|600|||||||\u00a0\u00bb open=\u00a0\u00bboff\u00a0\u00bb]Le niveau d&rsquo;autonomie que vous pouvez atteindre avec votre kit de conversion d\u00e9pendra de la batterie avec laquelle vous l&rsquo;aurez jumel\u00e9.<\/p>\n<p>&nbsp;<\/p>\n<p>C&rsquo;est simple, plus la capacit\u00e9 en amp\u00e8res-heures d&rsquo;une batterie est importante (ou WH), plus la distance que vous pourrez parcourir est grande!<\/p>\n<p>L&rsquo;autonomie que vous pouvez obtenir avec une batterie d\u00e9pend de nombreux facteurs, notamment du poids du cycliste, du type de puissance d&rsquo;assistance que vous utilisez, du couple de p\u00e9dalage que vous effectuez avec le moteur, du terrain, du vent et de bien d&rsquo;autres choses encore.<\/p>\n<p>La r\u00e9gle de base est de base pour les batteries 48V est de 3,5 \u00e0 4 km par amp\u00e8re-heure en p\u00e9dalant avec le moteur.<\/p>\n<p>Encore plus simple, on va cr\u00e9er un petit tableau pour vous aider et vous y retrouver dans cette jungle. Patienter encore un peu et cela sera pr\u00eat. En attendant voici une donn\u00e9e, avec une batterie de 48V et 11,6AH vous aurez une autonomie de 45km environ ![\/et_pb_accordion_item][et_pb_accordion_item title=\u00a0\u00bbSur quel v\u00e9lo peut-on installer nos moteurs sur moyeu ?\u00a0\u00bb open_toggle_text_color=\u00a0\u00bb#e02b20&Prime; open_toggle_background_color=\u00a0\u00bb#ffffff\u00a0\u00bb closed_toggle_background_color=\u00a0\u00bb#dbdbdb\u00a0\u00bb icon_color=\u00a0\u00bb#0c71c3&Prime; _builder_version=\u00a0\u00bb4.4.9&Prime; body_text_color=\u00a0\u00bb#000000&Prime; hover_transition_duration=\u00a0\u00bb0ms\u00a0\u00bb border_color_all=\u00a0\u00bb#000000&Prime; toggle_text_color=\u00a0\u00bb#0c71c3&Prime; toggle_level=\u00a0\u00bbh2&Prime; toggle_font=\u00a0\u00bb|600|||||||\u00a0\u00bb closed_toggle_font=\u00a0\u00bb|600|||||||\u00a0\u00bb open=\u00a0\u00bboff\u00a0\u00bb]<\/p>\n<p>Le kit de conversion pour v\u00e9los \u00e9lectriques sont universels et peuvent \u00eatre utilis\u00e9s pour convertir la plupart des v\u00e9los et tricycles classiques. Cependant, il faut d&rsquo;abord remplir quelques crit\u00e8res.<\/p>\n<ol>\n<li>Les fourches avant ou les pattes arri\u00e8re DOIVENT \u00eatre au moins de 100 mm au niveau des pattes.<br \/>Les conversions arri\u00e8re n\u00e9cessitent un espace de 135 mm entre les pattes arri\u00e8re (c&rsquo;est la norme pour la plupart des v\u00e9los et tricycles).<br \/>Veuillez noter que les axes des moteurs arri\u00e8re ont un diam\u00e8tre de 12 mm. Selon les fourches, une petite quantit\u00e9 de limage (g\u00e9n\u00e9ralement juste un peu de peinture) peut \u00eatre n\u00e9cessaire pour que la fente de la patte d&rsquo;attache soit suffisamment large pour accepter un moteur de v\u00e9lo \u00e9lectrique.<\/li>\n<li>Nous vous conseillons de rajouter en renfort un bras de torsion universel pour certaines conversions de moteurs de moyeu. Les conversions avec des moteurs de plus de 500w n\u00e9cessitent une plus grande force au niveau des pattes de fixation et un bras de couple sert \u00e0 cette fin. Les bras de torsion fournissent un support accru \u00e0 l&rsquo;essieu et sont utilis\u00e9s pour emp\u00eacher l&rsquo;essieu de \u00ab\u00a0tourner\u00a0\u00bb \u00e0 l&rsquo;int\u00e9rieur des pattes.\n<\/li>\n<li>Freins \u00e0 disque : Chaque moteur est compatible avec les freins \u00e0 disque et utilise un mod\u00e8le standard ISO \u00e0 6 boulons pour connecter un rotor de frein \u00e0 disque standard. Il suffit de transf\u00e9rer votre rotor de frein \u00e0 disque existant au moteur du moyeu.<\/li>\n<\/ol>\n<p>Veuillez noter : Les \u00e9triers de frein \u00e0 disque ne peuvent pas tous \u00eatre plac\u00e9s entre le capot lat\u00e9ral du moteur et le disque.- 18 mm d&rsquo;espace.<br \/>Les \u00e9triers de frein \u00e0 disque ne s&rsquo;adaptent pas tous entre le couvercle lat\u00e9ral du moteur et le rotor du disque. La t\u00eate de votre \u00e9trier de frein \u00e0 disque doit \u00eatre suffisamment \u00e9troite pour tenir dans cet espace. Dans certaines situations, vous pouvez ajouter une entretoise pour gagner quelques mm ou vous pouvez \u00e9galement ajouter des rondelles \u00e0 vis individuelles avec des vis plus longues pour accueillir une t\u00eate d&rsquo;\u00e9trier plus grande.<\/p>\n<p>[\/et_pb_accordion_item][et_pb_accordion_item title=\u00a0\u00bbDe quels outils ai-je besoin pour installer le kit moteur Bafang sur mon v\u00e9lo ?\u00a0\u00bb open_toggle_text_color=\u00a0\u00bb#e02b20&Prime; open_toggle_background_color=\u00a0\u00bb#ffffff\u00a0\u00bb closed_toggle_background_color=\u00a0\u00bb#dbdbdb\u00a0\u00bb icon_color=\u00a0\u00bb#0c71c3&Prime; _builder_version=\u00a0\u00bb4.4.9&Prime; body_text_color=\u00a0\u00bb#000000&Prime; hover_transition_duration=\u00a0\u00bb0ms\u00a0\u00bb border_color_all=\u00a0\u00bb#000000&Prime; toggle_text_color=\u00a0\u00bb#0c71c3&Prime; toggle_level=\u00a0\u00bbh2&Prime; toggle_font=\u00a0\u00bb|600|||||||\u00a0\u00bb closed_toggle_font=\u00a0\u00bb|600|||||||\u00a0\u00bb open=\u00a0\u00bboff\u00a0\u00bb]<\/p>\n<p>La partie la plus difficile du montage est le montage des pi\u00e8ces nouvelles de votre v\u00e9lo.<\/p>\n<p>Pour retirer les pi\u00e8ces n\u00e9cessaires de votre v\u00e9lo pour l&rsquo;installation de la roue arriere, vous aurez besoin des outils suivants :<\/p>\n<ol>\n<li>Une cl\u00e9 \u00e0 molette standard pour deserrer les \u00e9crous de blocage.<\/li>\n<li>Cl\u00e9(s) Allen \/ tournevis pour retirer les leviers de frein, le d\u00e9railleur arri\u00e8re<\/li>\n<li>Un d\u00e9monte cassette<\/li>\n<\/ol>\n<p>Pour installer le BBS02\/BBSHD sur votre v\u00e9lo, vous aurez besoin des outils suivants :<\/p>\n<ol>\n<li>Une cl\u00e9 \u00e0 molette standard pour serrer les \u00e9crous de blocage.<\/li>\n<li>Une ou plusieurs cl\u00e9s Allen et un tournevis cruciforme pour serrer les manivelles, le pignon, l&rsquo;\u00e9cran, la manette des gaz et le levier de frein.<\/li>\n<li>Un d\u00e9monte cassette !<\/li>\n<\/ol>\n<p>Ce sont les outils dont vous aurez besoin pour l&rsquo;installation sur un v\u00e9lo standard.<\/p>\n<p>Plus simple et plus rapide encore, si vous n&rsquo;\u00eates pas tr\u00e8s bricoleur ou si vous n&rsquo;avez pas acc\u00e8s aux outils n\u00e9cessaires, nous vous recommandons de le faire installer dans l&rsquo;un de nos ateliers partenaires (Nyon, Suisse ou Paris, France pour le moment).<\/p>\n<p>[\/et_pb_accordion_item][et_pb_accordion_item title=\u00a0\u00bbQuel poids le kit moteur moyeu va-t-il ajouter \u00e0 mon v\u00e9lo ?\u00a0\u00bb open_toggle_text_color=\u00a0\u00bb#e02b20&Prime; open_toggle_background_color=\u00a0\u00bb#ffffff\u00a0\u00bb closed_toggle_background_color=\u00a0\u00bb#dbdbdb\u00a0\u00bb icon_color=\u00a0\u00bb#0c71c3&Prime; _builder_version=\u00a0\u00bb4.4.9&Prime; body_text_color=\u00a0\u00bb#000000&Prime; hover_transition_duration=\u00a0\u00bb0ms\u00a0\u00bb border_color_all=\u00a0\u00bb#000000&Prime; toggle_text_color=\u00a0\u00bb#0c71c3&Prime; toggle_level=\u00a0\u00bbh2&Prime; toggle_font=\u00a0\u00bb|600|||||||\u00a0\u00bb closed_toggle_font=\u00a0\u00bb|600|||||||\u00a0\u00bb open=\u00a0\u00bboff\u00a0\u00bb]<\/p>\n<p>Le moteur 250W pese environ 3kg.<\/p>\n<p>Le moteur 1000W p\u00e8se 5kg.<\/p>\n<p>Il faudra rajouter le poids de la batterie allant de 2kg \u00e0 5kg pour la plus puissante.<\/p>\n<p>[\/et_pb_accordion_item][et_pb_accordion_item title=\u00a0\u00bbLes capteurs de frein, qu&rsquo;est-ce que c&rsquo;est et comment fonctionnent-ils ?\u00a0\u00bb open_toggle_text_color=\u00a0\u00bb#e02b20&Prime; open_toggle_background_color=\u00a0\u00bb#ffffff\u00a0\u00bb closed_toggle_background_color=\u00a0\u00bb#dbdbdb\u00a0\u00bb icon_color=\u00a0\u00bb#0c71c3&Prime; _builder_version=\u00a0\u00bb4.4.9&Prime; body_text_color=\u00a0\u00bb#000000&Prime; hover_transition_duration=\u00a0\u00bb0ms\u00a0\u00bb border_color_all=\u00a0\u00bb#000000&Prime; toggle_text_color=\u00a0\u00bb#0c71c3&Prime; toggle_level=\u00a0\u00bbh2&Prime; toggle_font=\u00a0\u00bb|600|||||||\u00a0\u00bb closed_toggle_font=\u00a0\u00bb|600|||||||\u00a0\u00bb open=\u00a0\u00bboff\u00a0\u00bb]<\/p>\n<p>Les capteurs de freins \u00e9lectroniques vous permettent de transformer les poign\u00e9es de frein que vous poss\u00e9dez sur votre v\u00e9lo en poign\u00e9es capables de couper l&rsquo;alimentation du moteur lorsqu&rsquo;elles sont enclench\u00e9es.<\/p>\n<p>Les capteurs de freins sont compatibles avec les moteurs.<\/p>\n<p>Trois types de capteurs existent:<\/p>\n<ul>\n<li>Poign\u00e9es pour freins \u00e0 patin (V) qui sont dej\u00e0 integr\u00e9 dans nos kits.<\/li>\n<li>Capteurs aimants pour poign\u00e9 frein hydrauliques (\u00e0 rajouter en sus de nos kits).<\/li>\n<li>Poign\u00e9es pour freins hydrauliques avec capteur integr\u00e9 (\u00e0 rajouter en sus de nos kits).<\/li>\n<\/ul>\n<p>Nos capteurs de freins \u00e9lectriques fonctionnent avec n&rsquo;importe quel levier de frein hydraulique ou V-brake. Les capteurs d&rsquo;ebrake comprennent une paire d&rsquo;interrupteurs reed et d&rsquo;aimants et sont install\u00e9s directement sur vos freins existants ou pas et se branchent sur le faisceau de c\u00e2blage Bafang.<\/p>\n<p>Lorsque l&rsquo;aimant se trouve pr\u00e8s du capteur de freinage, le frein est inactif, ce qui permet au moteur de tourner. Lorsque votre frein est enclench\u00e9, l&rsquo;aimant est \u00e9loign\u00e9 du capteur de freinage, ce qui active le frein et coupe l&rsquo;alimentation du moteur.<\/p>\n<p>[\/et_pb_accordion_item][et_pb_accordion_item title=\u00a0\u00bbPUIS-JE UTILISER UNE ROUE ARRI\u00c8RE \u00c0 7 VITESSES SUR MON V\u00c9LO \u00c0 8 VITESSES ?\u00a0\u00bb open_toggle_text_color=\u00a0\u00bb#e02b20&Prime; open_toggle_background_color=\u00a0\u00bb#ffffff\u00a0\u00bb closed_toggle_background_color=\u00a0\u00bb#dbdbdb\u00a0\u00bb icon_color=\u00a0\u00bb#0c71c3&Prime; _builder_version=\u00a0\u00bb4.4.9&Prime; body_text_color=\u00a0\u00bb#000000&Prime; hover_transition_duration=\u00a0\u00bb0ms\u00a0\u00bb border_color_all=\u00a0\u00bb#000000&Prime; toggle_text_color=\u00a0\u00bb#0c71c3&Prime; toggle_level=\u00a0\u00bbh2&Prime; toggle_font=\u00a0\u00bb|600|||||||\u00a0\u00bb closed_toggle_font=\u00a0\u00bb|600|||||||\u00a0\u00bb open=\u00a0\u00bboff\u00a0\u00bb]<\/p>\n<p>Oui, vous pouvez utiliser une de nos roues arri\u00e8re \u00e0 7 vitesses sans aucun probl\u00e8me<\/p>\n<ol>\n<li>Vous devrez r\u00e9gler votre d\u00e9railleur.<br \/>De nombreux clients ont converti leurs v\u00e9los \u00e0 8 vitesses en v\u00e9los \u00e0 7 vitesses. L&rsquo;astuce habituelle pour ce faire consiste \u00e0 limiter le d\u00e9battement du d\u00e9railleur en utilisant la vis de limite haute ou basse pour retirer une vitesse.\u00a0<\/li>\n<li>Ou installez une roue libre \u00e0 8 vitesses<br \/>Nous proposons des roues libres \u00e0 7, 8, 9 et 10 vitesses. Veuillez cependant noter que l&rsquo;espacement entre les roues arri\u00e8re augmentera au fur et \u00e0 mesure que vous ajouterez des vitesses, de sorte que le cadre devra \u00eatre ouvert pour s&rsquo;adapter \u00e0 un plus grand nombre de vitesses.<\/li>\n<\/ol>\n<p>[\/et_pb_accordion_item][et_pb_accordion_item title=\u00a0\u00bbQuand ma commande sera-t-elle exp\u00e9di\u00e9e ?\u00a0\u00bb open_toggle_text_color=\u00a0\u00bb#e02b20&Prime; open_toggle_background_color=\u00a0\u00bb#ffffff\u00a0\u00bb closed_toggle_background_color=\u00a0\u00bb#dbdbdb\u00a0\u00bb icon_color=\u00a0\u00bb#0c71c3&Prime; _builder_version=\u00a0\u00bb4.4.9&Prime; body_text_color=\u00a0\u00bb#000000&Prime; hover_transition_duration=\u00a0\u00bb0ms\u00a0\u00bb border_color_all=\u00a0\u00bb#000000&Prime; toggle_text_color=\u00a0\u00bb#0c71c3&Prime; toggle_level=\u00a0\u00bbh2&Prime; toggle_font=\u00a0\u00bb|600|||||||\u00a0\u00bb closed_toggle_font=\u00a0\u00bb|600|||||||\u00a0\u00bb open=\u00a0\u00bboff\u00a0\u00bb]<\/p>\n<p>Les commandes sont exp\u00e9di\u00e9es 7 jours ouvrables apr\u00e8s r\u00e9ception de votre commande\/paiement, sauf indication contraire sur la page du produit. Nous devons pr\u00e9parer votre jante et les rayons sur-mesure. Lorsqu&rsquo;un produit est en rupture de stock et ne sera pas exp\u00e9di\u00e9 dans un ou deux jours ouvrables, nous vous l&rsquo;indiquerons clairement et fournirons une estimation de la date d&rsquo;exp\u00e9dition du produit.<\/p>\n<p>Nous sommes fiers d&rsquo;exp\u00e9dier depuis nos d\u00e9p\u00f4ts en Suisse ou l&rsquo;Union Europ\u00e9enne ! Apr\u00e8s l&rsquo;exp\u00e9dition d&rsquo;une commande, il faut g\u00e9n\u00e9ralement compter 1 \u00e0 3 jours. Des frais d&rsquo;importations peuvent s&rsquo;appliquer \u00e0 votre charge.<\/p>\n<p>[\/et_pb_accordion_item][et_pb_accordion_item title=\u00a0\u00bbO\u00f9 exp\u00e9diez-vous ?\u00a0\u00bb open_toggle_text_color=\u00a0\u00bb#e02b20&Prime; open_toggle_background_color=\u00a0\u00bb#ffffff\u00a0\u00bb closed_toggle_background_color=\u00a0\u00bb#dbdbdb\u00a0\u00bb icon_color=\u00a0\u00bb#0c71c3&Prime; _builder_version=\u00a0\u00bb4.4.9&Prime; body_text_color=\u00a0\u00bb#000000&Prime; hover_transition_duration=\u00a0\u00bb0ms\u00a0\u00bb border_color_all=\u00a0\u00bb#000000&Prime; toggle_text_color=\u00a0\u00bb#0c71c3&Prime; toggle_level=\u00a0\u00bbh2&Prime; toggle_font=\u00a0\u00bb|600|||||||\u00a0\u00bb closed_toggle_font=\u00a0\u00bb|600|||||||\u00a0\u00bb open=\u00a0\u00bboff\u00a0\u00bb]Malheureusement, actuellement, nous ne livrons qu&rsquo;au sein de l&rsquo;Union Europ\u00e9ene et en Suisse. En raison d&rsquo;une tr\u00e8s forte demande, nous esp\u00e9rons commencer \u00e0 exp\u00e9dier \u00e0 l&rsquo;international prochainement.[\/et_pb_accordion_item][et_pb_accordion_item title=\u00a0\u00bbKit de conversion v\u00e9lo \u00e9lectrique l\u00e9gal ?\u00a0\u00bb open_toggle_text_color=\u00a0\u00bb#e02b20&Prime; open_toggle_background_color=\u00a0\u00bb#ffffff\u00a0\u00bb closed_toggle_background_color=\u00a0\u00bb#dbdbdb\u00a0\u00bb icon_color=\u00a0\u00bb#0c71c3&Prime; _builder_version=\u00a0\u00bb4.4.9&Prime; body_text_color=\u00a0\u00bb#000000&Prime; hover_transition_duration=\u00a0\u00bb0ms\u00a0\u00bb border_color_all=\u00a0\u00bb#000000&Prime; toggle_text_color=\u00a0\u00bb#0c71c3&Prime; toggle_level=\u00a0\u00bbh2&Prime; toggle_font=\u00a0\u00bb|600|||||||\u00a0\u00bb closed_toggle_font=\u00a0\u00bb|600|||||||\u00a0\u00bb open=\u00a0\u00bboff\u00a0\u00bb]<\/p>\n<p style=\"margin: 0in; font-family: Calibri; font-size: 11.0pt;\">Le moteur 48V 500W est le kit l\u00e9gal le plus rapide disponible sur le march\u00e9 pour la Suisse.<\/p>\n<p style=\"margin: 0in; font-family: Calibri; font-size: 11.0pt;\">Le moteur 36V 250W est le kit l\u00e9gal le plus coupleux disponible sur le march\u00e9 pour la France ou l&rsquo;union europ\u00e9enne au sens large.<\/p>\n<p style=\"margin: 0in; font-family: Calibri; font-size: 11.0pt;\">Au del\u00e0 de ces puissances, deux possibilit\u00e9s s&rsquo;offrent \u00e0 vous.<\/p>\n<ol>\n<li style=\"margin: 0in; font-family: Calibri; font-size: 11.0pt;\">Faire uniquement du OFFROAD.<\/li>\n<li style=\"margin: 0in; font-family: Calibri; font-size: 11.0pt;\">L&rsquo;expertiser aupr\u00e8s des services des homologations de votre ville (SAN) (1000W maximum).<\/li>\n<\/ol>\n<p>[\/et_pb_accordion_item][\/et_pb_accordion][\/et_pb_column][\/et_pb_row][\/et_pb_section]<\/p>\n","protected":false},"excerpt":{"rendered":"<p>LES 10 QUESTIONS LES PLUS FR\u00c9QUENTES SUR LA CONVERSION ROUE DES V\u00c9LOS \u00c9LECTRIQUES LES 25 QUESTIONS LES PLUS FR\u00c9QUENTES SUR LA CONVERSION DES V\u00c9LOS \u00c9LECTRIQUESPour configurez votre kit retrouvez tout cela ici Pour retrouvez les 10 questions les plus fr\u00e9quentes sur le kit Bafang retrouvez tout cela ici Les vitesses maximales approximatives des syst\u00e8mes de [&hellip;]<\/p>\n","protected":false},"author":1,"featured_media":29705,"parent":0,"menu_order":0,"comment_status":"closed","ping_status":"closed","template":"","meta":{"_et_pb_use_builder":"on","_et_pb_old_content":"","_et_gb_content_width":"","footnotes":""},"class_list":["post-30013","page","type-page","status-publish","has-post-thumbnail","hentry"],"yoast_head":"<!-- This site is optimized with the Yoast SEO Premium plugin v26.0 (Yoast SEO v27.5) - https:\/\/yoast.com\/product\/yoast-seo-premium-wordpress\/ -->\n<title>Les 10 questions r\u00e9ponses: kit de conversion v\u00e9lo \u00e9lectrique sur moyeu.<\/title>\n<meta name=\"description\" content=\"Les 10 questions r\u00e9ponses que vous vous posez sur le kit v\u00e9lo \u00e9lectrique pour transformer votre v\u00e9lo en un v\u00e9lo \u00e9lectrique.\" \/>\n<meta name=\"robots\" content=\"index, follow, max-snippet:-1, max-image-preview:large, max-video-preview:-1\" \/>\n<link rel=\"canonical\" href=\"https:\/\/mobefo.com\/de\/fragen-und-antworten-nabenkit\/\" \/>\n<meta property=\"og:locale\" content=\"de_DE\" \/>\n<meta property=\"og:type\" content=\"article\" \/>\n<meta property=\"og:title\" content=\"Questions r\u00e9ponses kit conversion v\u00e9lo \u00e9lectrique roue\" \/>\n<meta property=\"og:description\" content=\"Les 10 questions r\u00e9ponses que vous vous posez sur le kit v\u00e9lo \u00e9lectrique pour transformer votre v\u00e9lo en un v\u00e9lo \u00e9lectrique.\" \/>\n<meta property=\"og:url\" content=\"https:\/\/mobefo.com\/de\/fragen-und-antworten-nabenkit\/\" \/>\n<meta property=\"og:site_name\" content=\"Mobefo - Experience your life.\" \/>\n<meta property=\"article:publisher\" content=\"https:\/\/www.facebook.com\/mobefocom\/\" \/>\n<meta property=\"article:modified_time\" content=\"2020-08-09T12:31:45+00:00\" \/>\n<meta property=\"og:image\" content=\"https:\/\/mobefo.com\/wp-content\/uploads\/2020\/07\/v\u00e9lo-arriere-01.png\" \/>\n\t<meta property=\"og:image:width\" content=\"2230\" \/>\n\t<meta property=\"og:image:height\" content=\"1292\" \/>\n\t<meta property=\"og:image:type\" content=\"image\/png\" \/>\n<meta name=\"twitter:label1\" content=\"Gesch\u00e4tzte Lesezeit\" \/>\n\t<meta name=\"twitter:data1\" content=\"10\u00a0Minuten\" \/>\n<script type=\"application\/ld+json\" class=\"yoast-schema-graph\">{\"@context\":\"https:\\\/\\\/schema.org\",\"@graph\":[{\"@type\":\"WebPage\",\"@id\":\"https:\\\/\\\/mobefo.com\\\/questions-reponses-kit-moyeu\\\/\",\"url\":\"https:\\\/\\\/mobefo.com\\\/questions-reponses-kit-moyeu\\\/\",\"name\":\"Les 10 questions r\u00e9ponses: kit de conversion v\u00e9lo \u00e9lectrique sur moyeu.\",\"isPartOf\":{\"@id\":\"https:\\\/\\\/mobefo.com\\\/#website\"},\"primaryImageOfPage\":{\"@id\":\"https:\\\/\\\/mobefo.com\\\/questions-reponses-kit-moyeu\\\/#primaryimage\"},\"image\":{\"@id\":\"https:\\\/\\\/mobefo.com\\\/questions-reponses-kit-moyeu\\\/#primaryimage\"},\"thumbnailUrl\":\"https:\\\/\\\/mobefo.com\\\/wp-content\\\/uploads\\\/2020\\\/07\\\/v\u00e9lo-arriere-01.png\",\"datePublished\":\"2020-08-09T12:29:33+00:00\",\"dateModified\":\"2020-08-09T12:31:45+00:00\",\"description\":\"Les 10 questions r\u00e9ponses que vous vous posez sur le kit v\u00e9lo \u00e9lectrique pour transformer votre v\u00e9lo en un v\u00e9lo \u00e9lectrique.\",\"breadcrumb\":{\"@id\":\"https:\\\/\\\/mobefo.com\\\/questions-reponses-kit-moyeu\\\/#breadcrumb\"},\"inLanguage\":\"de\",\"potentialAction\":[{\"@type\":\"ReadAction\",\"target\":[\"https:\\\/\\\/mobefo.com\\\/questions-reponses-kit-moyeu\\\/\"]}]},{\"@type\":\"ImageObject\",\"inLanguage\":\"de\",\"@id\":\"https:\\\/\\\/mobefo.com\\\/questions-reponses-kit-moyeu\\\/#primaryimage\",\"url\":\"https:\\\/\\\/mobefo.com\\\/wp-content\\\/uploads\\\/2020\\\/07\\\/v\u00e9lo-arriere-01.png\",\"contentUrl\":\"https:\\\/\\\/mobefo.com\\\/wp-content\\\/uploads\\\/2020\\\/07\\\/v\u00e9lo-arriere-01.png\",\"width\":2230,\"height\":1292,\"caption\":\"v\u00e9lo avec kit v\u00e9lo \u00e9lectrique roue arriere\"},{\"@type\":\"BreadcrumbList\",\"@id\":\"https:\\\/\\\/mobefo.com\\\/questions-reponses-kit-moyeu\\\/#breadcrumb\",\"itemListElement\":[{\"@type\":\"ListItem\",\"position\":1,\"name\":\"Home\",\"item\":\"https:\\\/\\\/mobefo.com\\\/\"},{\"@type\":\"ListItem\",\"position\":2,\"name\":\"Questions r\u00e9ponses kit conversion v\u00e9lo \u00e9lectrique roue\"}]},{\"@type\":\"WebSite\",\"@id\":\"https:\\\/\\\/mobefo.com\\\/#website\",\"url\":\"https:\\\/\\\/mobefo.com\\\/\",\"name\":\"Mobefo - Experience your life.\",\"description\":\"Cr\u00e9ateur d\u2019exp\u00e9riences. Constructeur et sp\u00e9cialiste en mobilit\u00e9 \u00e9lectrique.\",\"publisher\":{\"@id\":\"https:\\\/\\\/mobefo.com\\\/#organization\"},\"potentialAction\":[{\"@type\":\"SearchAction\",\"target\":{\"@type\":\"EntryPoint\",\"urlTemplate\":\"https:\\\/\\\/mobefo.com\\\/?s={search_term_string}\"},\"query-input\":{\"@type\":\"PropertyValueSpecification\",\"valueRequired\":true,\"valueName\":\"search_term_string\"}}],\"inLanguage\":\"de\"},{\"@type\":\"Organization\",\"@id\":\"https:\\\/\\\/mobefo.com\\\/#organization\",\"name\":\"Mobefo - Kit Ebike\",\"url\":\"https:\\\/\\\/mobefo.com\\\/\",\"logo\":{\"@type\":\"ImageObject\",\"inLanguage\":\"de\",\"@id\":\"https:\\\/\\\/mobefo.com\\\/#\\\/schema\\\/logo\\\/image\\\/\",\"url\":\"https:\\\/\\\/mobefo.com\\\/wp-content\\\/uploads\\\/2020\\\/07\\\/MOBEFO-09.png\",\"contentUrl\":\"https:\\\/\\\/mobefo.com\\\/wp-content\\\/uploads\\\/2020\\\/07\\\/MOBEFO-09.png\",\"width\":2238,\"height\":658,\"caption\":\"Mobefo - Kit Ebike\"},\"image\":{\"@id\":\"https:\\\/\\\/mobefo.com\\\/#\\\/schema\\\/logo\\\/image\\\/\"},\"sameAs\":[\"https:\\\/\\\/www.facebook.com\\\/mobefocom\\\/\",\"https:\\\/\\\/x.com\\\/mobefo1\"],\"description\":\"We are selling high performance ebike with a low cost and offering people to convert their bike to an ebike.\"}]}<\/script>\n<!-- \/ Yoast SEO Premium plugin. -->","yoast_head_json":{"title":"Die 10 Fragen und Antworten: Umbausatz Elektrofahrrad auf Nabe.","description":"Die 10 Fragen und Antworten, die Sie sich zum Elektrofahrrad-Kit stellen, mit dem Sie Ihr Fahrrad in ein Elektrofahrrad verwandeln k\u00f6nnen.","robots":{"index":"index","follow":"follow","max-snippet":"max-snippet:-1","max-image-preview":"max-image-preview:large","max-video-preview":"max-video-preview:-1"},"canonical":"https:\/\/mobefo.com\/de\/fragen-und-antworten-nabenkit\/","og_locale":"de_DE","og_type":"article","og_title":"Questions r\u00e9ponses kit conversion v\u00e9lo \u00e9lectrique roue","og_description":"Les 10 questions r\u00e9ponses que vous vous posez sur le kit v\u00e9lo \u00e9lectrique pour transformer votre v\u00e9lo en un v\u00e9lo \u00e9lectrique.","og_url":"https:\/\/mobefo.com\/de\/fragen-und-antworten-nabenkit\/","og_site_name":"Mobefo - Experience your life.","article_publisher":"https:\/\/www.facebook.com\/mobefocom\/","article_modified_time":"2020-08-09T12:31:45+00:00","og_image":[{"width":2230,"height":1292,"url":"https:\/\/mobefo.com\/wp-content\/uploads\/2020\/07\/v\u00e9lo-arriere-01.png","type":"image\/png"}],"twitter_misc":{"Gesch\u00e4tzte Lesezeit":"10\u00a0Minuten"},"schema":{"@context":"https:\/\/schema.org","@graph":[{"@type":"WebPage","@id":"https:\/\/mobefo.com\/questions-reponses-kit-moyeu\/","url":"https:\/\/mobefo.com\/questions-reponses-kit-moyeu\/","name":"Die 10 Fragen und Antworten: Umbausatz Elektrofahrrad auf Nabe.","isPartOf":{"@id":"https:\/\/mobefo.com\/#website"},"primaryImageOfPage":{"@id":"https:\/\/mobefo.com\/questions-reponses-kit-moyeu\/#primaryimage"},"image":{"@id":"https:\/\/mobefo.com\/questions-reponses-kit-moyeu\/#primaryimage"},"thumbnailUrl":"https:\/\/mobefo.com\/wp-content\/uploads\/2020\/07\/v\u00e9lo-arriere-01.png","datePublished":"2020-08-09T12:29:33+00:00","dateModified":"2020-08-09T12:31:45+00:00","description":"Die 10 Fragen und Antworten, die Sie sich zum Elektrofahrrad-Kit stellen, mit dem Sie Ihr Fahrrad in ein Elektrofahrrad verwandeln k\u00f6nnen.","breadcrumb":{"@id":"https:\/\/mobefo.com\/questions-reponses-kit-moyeu\/#breadcrumb"},"inLanguage":"de","potentialAction":[{"@type":"ReadAction","target":["https:\/\/mobefo.com\/questions-reponses-kit-moyeu\/"]}]},{"@type":"ImageObject","inLanguage":"de","@id":"https:\/\/mobefo.com\/questions-reponses-kit-moyeu\/#primaryimage","url":"https:\/\/mobefo.com\/wp-content\/uploads\/2020\/07\/v\u00e9lo-arriere-01.png","contentUrl":"https:\/\/mobefo.com\/wp-content\/uploads\/2020\/07\/v\u00e9lo-arriere-01.png","width":2230,"height":1292,"caption":"v\u00e9lo avec kit v\u00e9lo \u00e9lectrique roue arriere"},{"@type":"BreadcrumbList","@id":"https:\/\/mobefo.com\/questions-reponses-kit-moyeu\/#breadcrumb","itemListElement":[{"@type":"ListItem","position":1,"name":"Home","item":"https:\/\/mobefo.com\/"},{"@type":"ListItem","position":2,"name":"Questions r\u00e9ponses kit conversion v\u00e9lo \u00e9lectrique roue"}]},{"@type":"WebSite","@id":"https:\/\/mobefo.com\/#website","url":"https:\/\/mobefo.com\/","name":"Mobefo - Experience your life.","description":"Sch\u00f6pfer von Erfahrungen. Hersteller und Spezialist f\u00fcr Elektromobilit\u00e4t.","publisher":{"@id":"https:\/\/mobefo.com\/#organization"},"potentialAction":[{"@type":"SearchAction","target":{"@type":"EntryPoint","urlTemplate":"https:\/\/mobefo.com\/?s={search_term_string}"},"query-input":{"@type":"PropertyValueSpecification","valueRequired":true,"valueName":"search_term_string"}}],"inLanguage":"de"},{"@type":"Organization","@id":"https:\/\/mobefo.com\/#organization","name":"Mobefo - Ebike-Kit","url":"https:\/\/mobefo.com\/","logo":{"@type":"ImageObject","inLanguage":"de","@id":"https:\/\/mobefo.com\/#\/schema\/logo\/image\/","url":"https:\/\/mobefo.com\/wp-content\/uploads\/2020\/07\/MOBEFO-09.png","contentUrl":"https:\/\/mobefo.com\/wp-content\/uploads\/2020\/07\/MOBEFO-09.png","width":2238,"height":658,"caption":"Mobefo - Kit Ebike"},"image":{"@id":"https:\/\/mobefo.com\/#\/schema\/logo\/image\/"},"sameAs":["https:\/\/www.facebook.com\/mobefocom\/","https:\/\/x.com\/mobefo1"],"description":"Wir verkaufen Hochleistungs-E-Bikes zu einem niedrigen Preis und bieten Menschen die M\u00f6glichkeit, ihr Fahrrad auf ein E-Bike umzur\u00fcsten."}]}},"_links":{"self":[{"href":"https:\/\/mobefo.com\/de\/wp-json\/wp\/v2\/pages\/30013","targetHints":{"allow":["GET"]}}],"collection":[{"href":"https:\/\/mobefo.com\/de\/wp-json\/wp\/v2\/pages"}],"about":[{"href":"https:\/\/mobefo.com\/de\/wp-json\/wp\/v2\/types\/page"}],"author":[{"embeddable":true,"href":"https:\/\/mobefo.com\/de\/wp-json\/wp\/v2\/users\/1"}],"replies":[{"embeddable":true,"href":"https:\/\/mobefo.com\/de\/wp-json\/wp\/v2\/comments?post=30013"}],"version-history":[{"count":6,"href":"https:\/\/mobefo.com\/de\/wp-json\/wp\/v2\/pages\/30013\/revisions"}],"predecessor-version":[{"id":30022,"href":"https:\/\/mobefo.com\/de\/wp-json\/wp\/v2\/pages\/30013\/revisions\/30022"}],"wp:featuredmedia":[{"embeddable":true,"href":"https:\/\/mobefo.com\/de\/wp-json\/wp\/v2\/media\/29705"}],"wp:attachment":[{"href":"https:\/\/mobefo.com\/de\/wp-json\/wp\/v2\/media?parent=30013"}],"curies":[{"name":"wp","href":"https:\/\/api.w.org\/{rel}","templated":true}]}}